{"id":620,"date":"2018-07-03T12:27:59","date_gmt":"2018-07-03T12:27:59","guid":{"rendered":"http:\/\/209.59.164.201\/~motionmatters\/?page_id=620"},"modified":"2019-11-29T20:23:46","modified_gmt":"2019-11-29T20:23:46","slug":"entrainement-personnel","status":"publish","type":"page","link":"https:\/\/motionmatters.ca\/fr\/entrainement-personnel\/","title":{"rendered":"Entra\u00eenement personnel"},"content":{"rendered":"<div class=\"wpb-content-wrapper\"><p>[vc_row][vc_column][vc_column_text]<em><strong>Adresse: Motion Matters centre d&rsquo;exercice et de r\u00e9habilitation, 170 av. Laurier<\/strong><\/em><\/p>\n<hr \/>\n<h4><\/h4>\n<h3>METTRE LA MISE EN FORME AU PREMIER PLAN<\/h3>\n<p>La plupart d&rsquo;entre nous avons fait une priorit\u00e9 de notre sant\u00e9 au cours des derni\u00e8res ann\u00e9es. Nous sommes maintenant beaucoup plus conscients du r\u00f4le que joue l&rsquo;exercice dans le maintien d&rsquo;une vie saine et active.<\/p>\n<p>Comme bien des gens pourront le constater, garder une discipline pour rester en forme n&rsquo;est pas toujours facile. Certains perdront leur motivation en essayant de maintenir un r\u00e9gime d&rsquo;exercice trop rigoureux. D&rsquo;autres d\u00e9velopperont des douleurs ind\u00e9sirables et des blessures dues \u00e0 des r\u00e9p\u00e9titions excessives de mouvements inclus dans une routine d&rsquo;exercices souvent ennuyeuse.<\/p>\n<p>Si cette description vous para\u00eet famili\u00e8re, la solution est d&rsquo;avoir votre propre entra\u00eeneur personnel.<\/p>\n<h3><\/h3>\n<h3>LAISSEZ MOTION MATTERS VOUS AIDER<\/h3>\n<p>Que vous soyez un d\u00e9butant dans le domaine et que vous essayez de vous mettre en forme suite \u00e0 une blessure ou que vous soyez un athl\u00e8te cherchant un d\u00e9fit nouveau dans votre entra\u00eenement, Motion Matters pourra vous construire un programme d&rsquo;exercices adapt\u00e9, efficace, structur\u00e9 et s\u00e9curitaire vous permettant d&rsquo;atteindre vos buts.<\/p>\n<p>Nos entra\u00eeneurs vous organiseront un programme d&rsquo;exercice et guideront vos progr\u00e8s tout en corrigeant la forme et la biom\u00e9canique de vos mouvements.<\/p>\n<p>Si vous avez besoin d&rsquo;attention particuli\u00e8re pour la supervision de vos mouvements, que ce soit au niveau de la qualit\u00e9, de la quantit\u00e9, de la force ou de l&rsquo;endurance de vos mouvements, prenez rendez-vous avec Jo\u00eblle ou Vanessa. pour b\u00e9n\u00e9ficier de leur expertise de physioth\u00e9rapeute et de sp\u00e9cialiste en entra\u00eenement personnel.[\/vc_column_text][vc_separator][vc_column_text]<\/p>\n<h6><em>Contactez nous si vous d\u00e9sirez que nous vous aidions lors de votre prochaine s\u00e9ance d&rsquo;exercice.<\/em><\/h6>\n<p>[\/vc_column_text][\/vc_column][\/vc_row][vc_row full_width=\u00a0\u00bbstretch_row\u00a0\u00bb css=\u00a0\u00bb.vc_custom_1528467309126{background-image: url(http:\/\/motionmatters.ca\/wp-content\/uploads\/2018\/06\/CTA-Back.jpg?id=349) !important;background-position: center !important;background-repeat: no-repeat !important;background-size: cover !important;}\u00a0\u00bb][vc_column][vc_column_text css=\u00a0\u00bb.vc_custom_1530482961988{padding-top: 20px !important;padding-bottom: 20px !important;}\u00a0\u00bb]<\/p>\n<h2 style=\"text-align: center;\"><span style=\"color: #ffffff;\">Pour prendre rendez-vous ou pour vous inscrire \u00e0 nos classes, contactez-nous\u00a0<\/span><\/h2>\n<p>[\/vc_column_text][vc_row_inner][vc_column_inner width=\u00a0\u00bb1\/2&Prime;][vc_btn title=\u00a0\u00bbCall: (613) 237-4343&Prime; style=\u00a0\u00bbflat\u00a0\u00bb color=\u00a0\u00bbwhite\u00a0\u00bb size=\u00a0\u00bblg\u00a0\u00bb align=\u00a0\u00bbright\u00a0\u00bb i_icon_fontawesome=\u00a0\u00bbfa fa-phone\u00a0\u00bb add_icon=\u00a0\u00bbtrue\u00a0\u00bb link=\u00a0\u00bburl:tel%3A(613)%20237-4343|||\u00a0\u00bb][\/vc_column_inner][vc_column_inner width=\u00a0\u00bb1\/2&Prime;][vc_btn title=\u00a0\u00bbinfo@motionmatters.ca\u00a0\u00bb style=\u00a0\u00bbflat\u00a0\u00bb color=\u00a0\u00bbwhite\u00a0\u00bb size=\u00a0\u00bblg\u00a0\u00bb i_icon_fontawesome=\u00a0\u00bbfa fa-envelope-o\u00a0\u00bb add_icon=\u00a0\u00bbtrue\u00a0\u00bb link=\u00a0\u00bburl:mailto%3Ainfo%40motionmatters.ca|||\u00a0\u00bb][\/vc_column_inner][\/vc_row_inner][\/vc_column][\/vc_row]<\/p>\n<\/div>","protected":false},"excerpt":{"rendered":"<p>[vc_row][vc_column][vc_column_text]Adresse: Motion Matters centre d&rsquo;exercice et de r\u00e9habilitation, 170 av. Laurier METTRE LA MISE EN FORME AU PREMIER PLAN La plupart d&rsquo;entre nous avons fait une<span class=\"excerpt-hellip\"> [\u2026]<\/span><\/p>\n","protected":false},"author":2427,"featured_media":0,"parent":0,"menu_order":0,"comment_status":"closed","ping_status":"closed","template":"","meta":{"footnotes":""},"class_list":["post-620","page","type-page","status-publish","hentry"],"_links":{"self":[{"href":"https:\/\/motionmatters.ca\/fr\/wp-json\/wp\/v2\/pages\/620","targetHints":{"allow":["GET"]}}],"collection":[{"href":"https:\/\/motionmatters.ca\/fr\/wp-json\/wp\/v2\/pages"}],"about":[{"href":"https:\/\/motionmatters.ca\/fr\/wp-json\/wp\/v2\/types\/page"}],"author":[{"embeddable":true,"href":"https:\/\/motionmatters.ca\/fr\/wp-json\/wp\/v2\/users\/2427"}],"replies":[{"embeddable":true,"href":"https:\/\/motionmatters.ca\/fr\/wp-json\/wp\/v2\/comments?post=620"}],"version-history":[{"count":6,"href":"https:\/\/motionmatters.ca\/fr\/wp-json\/wp\/v2\/pages\/620\/revisions"}],"predecessor-version":[{"id":1096,"href":"https:\/\/motionmatters.ca\/fr\/wp-json\/wp\/v2\/pages\/620\/revisions\/1096"}],"wp:attachment":[{"href":"https:\/\/motionmatters.ca\/fr\/wp-json\/wp\/v2\/media?parent=620"}],"curies":[{"name":"wp","href":"https:\/\/api.w.org\/{rel}","templated":true}]}}