{"id":623,"date":"2018-07-03T12:33:09","date_gmt":"2018-07-03T12:33:09","guid":{"rendered":"http:\/\/209.59.164.201\/~motionmatters\/?page_id=623"},"modified":"2019-11-29T20:33:41","modified_gmt":"2019-11-29T20:33:41","slug":"programme-de-soin-et-de-conditionnement-physique-pour-danseurs","status":"publish","type":"page","link":"https:\/\/motionmatters.ca\/fr\/programme-de-soin-et-de-conditionnement-physique-pour-danseurs\/","title":{"rendered":"Programme de soin et de conditionnement physique pour danseurs"},"content":{"rendered":"<div class=\"wpb-content-wrapper\"><p>[vc_row][vc_column width=\u00a0\u00bb3\/4&Prime;][vc_column_text]<em><strong>Adresse: Motion Matters centre d&rsquo;exercice et de r\u00e9habilitation, 170 av. Laurier<\/strong><\/em><\/p>\n<hr \/>\n<p>Le programme \u00c9QUILIBRE offre une m\u00e9thode efficace de soin et de pr\u00e9vention des blessures li\u00e9es \u00e0 la danse. Ce programme destin\u00e9 aux \u00e9tudiants en danse, aux enseignants et aux professionnels de la danse. Il est utilis\u00e9 dans de nombreuses \u00e9coles de danse d&rsquo;Ottawa et de Gatineau.<\/p>\n<p>Motion Matters vous propose deux th\u00e9rapeutes sp\u00e9cialis\u00e9es pour r\u00e9pondre aux besoins grandissant dans le domaine des soins aux danseurs. Ces th\u00e9rapeutes sont \u00e9galement certifi\u00e9es pour l&rsquo;enseignement de la technique Pilates; Susan Gardner-Rab et Stephenie Therrien. Nos deux th\u00e9rapeutes sont enregistr\u00e9es \u00e0 l&rsquo;association provinciale et nationale. Elles ont toutes deux une solide exp\u00e9rience \u00e0 la fois en tant que danseuse et qu&rsquo;enseignante en danse. Pour en savoir plus sur nos instructeurs cliquez sur la section notre \u00e9quipe.[\/vc_column_text][\/vc_column][vc_column width=\u00a0\u00bb1\/4&Prime;][vc_widget_sidebar sidebar_id=\u00a0\u00bbsidebar-common-sidebar\u00a0\u00bb][\/vc_column][\/vc_row][vc_row css=\u00a0\u00bb.vc_custom_1528674270302{padding-top: 30px !important;padding-bottom: 40px !important;background-color: #3c7996 !important;}\u00a0\u00bb][vc_column][vc_column_text]<\/p>\n<h4 style=\"text-align: center;\"><span style=\"color: #ffffff;\"><strong>Le programme \u00c9QUILIBRE peut \u00eatre utilis\u00e9 soit des danseurs individuels, des \u00e9coles ou des groupes de danseurs.<\/strong><\/span><\/h4>\n<p>[\/vc_column_text][\/vc_column][\/vc_row][vc_row][vc_column width=\u00a0\u00bb7\/12&Prime;][vc_separator][vc_column_text]<\/p>\n<h2>SESSIONS INDIVIDUELLES<\/h2>\n<p><em><strong>Ces sessions ont lieux \u00e0 la clinique de physioth\u00e9rapie ou dans notre centre d&rsquo;exercice.<\/strong><\/em><\/p>\n<p><strong>Examen physique sp\u00e9cialis\u00e9<\/strong><\/p>\n<p>(en vue d&rsquo;une audition ou pour acc\u00e9der \u00e0 un programme intensif en danse). Il s&rsquo;agit d&rsquo;une heure de tests et d&rsquo;\u00e9valuation afin de d\u00e9terminer les faiblesses ou les d\u00e9s\u00e9quilibres susceptibles d&rsquo;interf\u00e9rer avec les habilet\u00e9s techniques du danseur.<\/p>\n<p>&nbsp;<\/p>\n<h4>Rapport \u00e9crit de l&rsquo;examen physique<\/h4>\n<p><strong>Programme individualis\u00e9 d&rsquo;exercices<\/strong>. Ces programmes se basent sur les r\u00e9sultats de l&rsquo;examen physique et aide le danseur \u00e0 atteindre l&rsquo;excellence dans son domaine ainsi que le bien-\u00eatre.<\/p>\n<p><strong>Sessions de conditionnement individuelles:<\/strong> de pr\u00e9vention et de prise de conscience du corps. Ces s\u00e9ances d&rsquo;une heure sont taill\u00e9es sur mesure pour r\u00e9pondre aux besoins de chaque danseur.<\/p>\n<p><strong>Classes Pilates<\/strong> (Tower Reformer, chaise Wunda, travail au sol, Correcteur vert\u00e9bral et plus) S\u00e9ances individuelles Pilates comprenant les exercices traditionnels du r\u00e9pertoire de la classe de Ballet classique.[\/vc_column_text][vc_empty_space][\/vc_column][vc_column width=\u00a0\u00bb5\/12&Prime;][vc_empty_space][vc_single_image image=\u00a0\u00bb421&Prime; img_size=\u00a0\u00bbfull\u00a0\u00bb][\/vc_column][\/vc_row][vc_row full_width=\u00a0\u00bbstretch_row\u00a0\u00bb css=\u00a0\u00bb.vc_custom_1528467309126{background-image: url(http:\/\/motionmatters.ca\/wp-content\/uploads\/2018\/06\/CTA-Back.jpg?id=349) !important;background-position: center !important;background-repeat: no-repeat !important;background-size: cover !important;}\u00a0\u00bb][vc_column][vc_column_text css=\u00a0\u00bb.vc_custom_1530482961988{padding-top: 20px !important;padding-bottom: 20px !important;}\u00a0\u00bb]<\/p>\n<h2 style=\"text-align: center;\"><span style=\"color: #ffffff;\">Pour prendre rendez-vous ou pour vous inscrire \u00e0 nos classes, contactez-nous\u00a0<\/span><\/h2>\n<p>[\/vc_column_text][vc_row_inner][vc_column_inner width=\u00a0\u00bb1\/2&Prime;][vc_btn title=\u00a0\u00bbCall: (613) 237-4343&Prime; style=\u00a0\u00bbflat\u00a0\u00bb color=\u00a0\u00bbwhite\u00a0\u00bb size=\u00a0\u00bblg\u00a0\u00bb align=\u00a0\u00bbright\u00a0\u00bb i_icon_fontawesome=\u00a0\u00bbfa fa-phone\u00a0\u00bb add_icon=\u00a0\u00bbtrue\u00a0\u00bb link=\u00a0\u00bburl:tel%3A(613)%20237-4343|||\u00a0\u00bb][\/vc_column_inner][vc_column_inner width=\u00a0\u00bb1\/2&Prime;][vc_btn title=\u00a0\u00bbinfo@motionmatters.ca\u00a0\u00bb style=\u00a0\u00bbflat\u00a0\u00bb color=\u00a0\u00bbwhite\u00a0\u00bb size=\u00a0\u00bblg\u00a0\u00bb i_icon_fontawesome=\u00a0\u00bbfa fa-envelope-o\u00a0\u00bb add_icon=\u00a0\u00bbtrue\u00a0\u00bb link=\u00a0\u00bburl:mailto%3Ainfo%40motionmatters.ca|||\u00a0\u00bb][\/vc_column_inner][\/vc_row_inner][\/vc_column][\/vc_row]<\/p>\n<\/div>","protected":false},"excerpt":{"rendered":"<p>[vc_row][vc_column width=\u00a0\u00bb3\/4&Prime;][vc_column_text]Adresse: Motion Matters centre d&rsquo;exercice et de r\u00e9habilitation, 170 av. Laurier Le programme \u00c9QUILIBRE offre une m\u00e9thode efficace de soin et de pr\u00e9vention des blessures<span class=\"excerpt-hellip\"> [\u2026]<\/span><\/p>\n","protected":false},"author":2427,"featured_media":0,"parent":0,"menu_order":0,"comment_status":"closed","ping_status":"closed","template":"","meta":{"footnotes":""},"class_list":["post-623","page","type-page","status-publish","hentry"],"_links":{"self":[{"href":"https:\/\/motionmatters.ca\/fr\/wp-json\/wp\/v2\/pages\/623","targetHints":{"allow":["GET"]}}],"collection":[{"href":"https:\/\/motionmatters.ca\/fr\/wp-json\/wp\/v2\/pages"}],"about":[{"href":"https:\/\/motionmatters.ca\/fr\/wp-json\/wp\/v2\/types\/page"}],"author":[{"embeddable":true,"href":"https:\/\/motionmatters.ca\/fr\/wp-json\/wp\/v2\/users\/2427"}],"replies":[{"embeddable":true,"href":"https:\/\/motionmatters.ca\/fr\/wp-json\/wp\/v2\/comments?post=623"}],"version-history":[{"count":6,"href":"https:\/\/motionmatters.ca\/fr\/wp-json\/wp\/v2\/pages\/623\/revisions"}],"predecessor-version":[{"id":1099,"href":"https:\/\/motionmatters.ca\/fr\/wp-json\/wp\/v2\/pages\/623\/revisions\/1099"}],"wp:attachment":[{"href":"https:\/\/motionmatters.ca\/fr\/wp-json\/wp\/v2\/media?parent=623"}],"curies":[{"name":"wp","href":"https:\/\/api.w.org\/{rel}","templated":true}]}}